{"id":635,"date":"2024-08-30T10:00:55","date_gmt":"2024-08-30T08:00:55","guid":{"rendered":"https:\/\/beta.mentedespierta.es\/?page_id=635"},"modified":"2024-10-22T12:46:53","modified_gmt":"2024-10-22T10:46:53","slug":"actividades-y-talleres-presenciales","status":"publish","type":"page","link":"https:\/\/mentedespierta.es\/en\/actividades-y-talleres-presenciales\/","title":{"rendered":"In-person activities"},"content":{"rendered":"<div data-elementor-type=\"wp-page\" data-elementor-id=\"635\" class=\"elementor elementor-635\" data-elementor-post-type=\"page\">\n\t\t\t\t<div class=\"elementor-element elementor-element-a17c22c e-flex e-con-boxed e-con e-parent\" data-id=\"a17c22c\" data-element_type=\"container\" data-e-type=\"container\" data-settings=\"{&quot;background_background&quot;:&quot;gradient&quot;}\">\n\t\t\t\t\t<div class=\"e-con-inner\">\n\t\t\t\t<div class=\"elementor-element elementor-element-16218ef elementor-widget elementor-widget-heading\" data-id=\"16218ef\" data-element_type=\"widget\" data-e-type=\"widget\" data-widget_type=\"heading.default\">\n\t\t\t\t<div class=\"elementor-widget-container\">\n\t\t\t\t\t<h2 class=\"elementor-heading-title elementor-size-default\">In-person activities<\/h2>\t\t\t\t<\/div>\n\t\t\t\t<\/div>\n\t\t\t\t<div class=\"elementor-element elementor-element-46ff77e elementor-widget elementor-widget-button\" data-id=\"46ff77e\" data-element_type=\"widget\" data-e-type=\"widget\" data-widget_type=\"button.default\">\n\t\t\t\t<div class=\"elementor-widget-container\">\n\t\t\t\t\t\t\t\t\t<div class=\"elementor-button-wrapper\">\n\t\t\t\t\t<a class=\"elementor-button elementor-button-link elementor-size-sm\" href=\"https:\/\/mentedespierta.es\/en\/contacto\/\">\n\t\t\t\t\t\t<span class=\"elementor-button-content-wrapper\">\n\t\t\t\t\t\t\t\t\t<span class=\"elementor-button-text\">Contact me today!<\/span>\n\t\t\t\t\t<\/span>\n\t\t\t\t\t<\/a>\n\t\t\t\t<\/div>\n\t\t\t\t\t\t\t\t<\/div>\n\t\t\t\t<\/div>\n\t\t\t\t\t<\/div>\n\t\t\t\t<\/div>\n\t\t<div class=\"elementor-element elementor-element-6ebfcf0 e-flex e-con-boxed e-con e-parent\" data-id=\"6ebfcf0\" data-element_type=\"container\" data-e-type=\"container\">\n\t\t\t\t\t<div class=\"e-con-inner\">\n\t\t<div class=\"elementor-element elementor-element-1ec8011 e-con-full e-flex e-con e-child\" data-id=\"1ec8011\" data-element_type=\"container\" data-e-type=\"container\">\n\t\t\t\t<div class=\"elementor-element elementor-element-af768c7 elementor-widget__width-initial elementor-widget elementor-widget-image\" data-id=\"af768c7\" data-element_type=\"widget\" data-e-type=\"widget\" data-widget_type=\"image.default\">\n\t\t\t\t<div class=\"elementor-widget-container\">\n\t\t\t\t\t\t\t\t\t\t\t\t\t\t\t<img fetchpriority=\"high\" decoding=\"async\" width=\"300\" height=\"200\" src=\"https:\/\/mentedespierta.es\/wp-content\/uploads\/2024\/09\/Actividades-y-TAlleres-Presenciales2.jpg\" class=\"attachment-full size-full wp-image-920\" alt=\"\" \/>\t\t\t\t\t\t\t\t\t\t\t\t\t\t\t<\/div>\n\t\t\t\t<\/div>\n\t\t<div class=\"elementor-element elementor-element-2b14b45 e-con-full e-flex e-con e-child\" data-id=\"2b14b45\" data-element_type=\"container\" data-e-type=\"container\">\n\t\t\t\t<div class=\"elementor-element elementor-element-345309f elementor-widget elementor-widget-heading\" data-id=\"345309f\" data-element_type=\"widget\" data-e-type=\"widget\" data-widget_type=\"heading.default\">\n\t\t\t\t<div class=\"elementor-widget-container\">\n\t\t\t\t\t<h3 class=\"elementor-heading-title elementor-size-default\">Descubre el Poder del Mindfulness para Transformar tu Vida<\/h3>\t\t\t\t<\/div>\n\t\t\t\t<\/div>\n\t\t\t\t<div class=\"elementor-element elementor-element-355e60a elementor-widget elementor-widget-text-editor\" data-id=\"355e60a\" data-element_type=\"widget\" data-e-type=\"widget\" data-widget_type=\"text-editor.default\">\n\t\t\t\t<div class=\"elementor-widget-container\">\n\t\t\t\t\t\t\t\t\t<p>Bienvenido a nuestro espacio de bienestar, donde te ofrecemos una variedad de actividades dise\u00f1adas para ayudarte a reducir el estr\u00e9s, la ansiedad y encontrar un equilibrio interior. Ya sea a trav\u00e9s de nuestras meditaciones guiadas, sesiones de mindfulness o cursos especializados en la reducci\u00f3n de estr\u00e9s, aqu\u00ed encontrar\u00e1s las herramientas necesarias para cuidar tu mente y cuerpo.<\/p><p>Explora nuestras actividades y elige la que m\u00e1s se ajuste a tus necesidades. Si deseas m\u00e1s informaci\u00f3n o tienes alguna duda, no dudes en contactarnos. \u00a1Estamos aqu\u00ed para acompa\u00f1arte en cada paso de tu camino hacia el bienestar!<\/p><p>\u00a1Solicita m\u00e1s informaci\u00f3n hoy mismo y comienza tu viaje hacia una vida m\u00e1s tranquila y plena!<\/p>\t\t\t\t\t\t\t\t<\/div>\n\t\t\t\t<\/div>\n\t\t\t\t<\/div>\n\t\t\t\t<\/div>\n\t\t\t\t<div class=\"elementor-element elementor-element-49d4e14 elementor-headline--style-highlight elementor-widget elementor-widget-animated-headline\" data-id=\"49d4e14\" data-element_type=\"widget\" data-e-type=\"widget\" data-settings=\"{&quot;highlighted_text&quot;:&quot;hoy mismo&quot;,&quot;headline_style&quot;:&quot;highlight&quot;,&quot;marker&quot;:&quot;circle&quot;,&quot;loop&quot;:&quot;yes&quot;,&quot;highlight_animation_duration&quot;:1200,&quot;highlight_iteration_delay&quot;:8000}\" data-widget_type=\"animated-headline.default\">\n\t\t\t\t<div class=\"elementor-widget-container\">\n\t\t\t\t\t\t\t<h3 class=\"elementor-headline\">\n\t\t\t\t\t<span class=\"elementor-headline-plain-text elementor-headline-text-wrapper\">\u00a1Solicita m\u00e1s informaci\u00f3n<\/span>\n\t\t\t\t<span class=\"elementor-headline-dynamic-wrapper elementor-headline-text-wrapper\">\n\t\t\t\t\t<span class=\"elementor-headline-dynamic-text elementor-headline-text-active\">hoy mismo<\/span>\n\t\t\t\t<\/span>\n\t\t\t\t\t<span class=\"elementor-headline-plain-text elementor-headline-text-wrapper\"> y comienza tu viaje hacia una vida m\u00e1s tranquila y plena!<\/span>\n\t\t\t\t\t<\/h3>\n\t\t\t\t\t\t<\/div>\n\t\t\t\t<\/div>\n\t\t\t\t\t<\/div>\n\t\t\t\t<\/div>\n\t\t<div class=\"elementor-element elementor-element-7719718b e-flex e-con-boxed e-con e-parent\" data-id=\"7719718b\" data-element_type=\"container\" data-e-type=\"container\" data-settings=\"{&quot;background_background&quot;:&quot;classic&quot;}\">\n\t\t\t\t\t<div class=\"e-con-inner\">\n\t\t\t\t<div class=\"elementor-element elementor-element-40d019bd elementor-widget elementor-widget-heading\" data-id=\"40d019bd\" data-element_type=\"widget\" data-e-type=\"widget\" data-widget_type=\"heading.default\">\n\t\t\t\t<div class=\"elementor-widget-container\">\n\t\t\t\t\t<h2 class=\"elementor-heading-title elementor-size-default\">In-person activities<\/h2>\t\t\t\t<\/div>\n\t\t\t\t<\/div>\n\t\t\t\t<div class=\"elementor-element elementor-element-187cc132 elementor-grid-3 elementor-grid-tablet-2 elementor-grid-mobile-1 elementor-posts--thumbnail-top elementor-card-shadow-yes elementor-posts__hover-gradient elementor-widget elementor-widget-posts\" data-id=\"187cc132\" data-element_type=\"widget\" data-e-type=\"widget\" data-settings=\"{&quot;cards_row_gap&quot;:{&quot;unit&quot;:&quot;px&quot;,&quot;size&quot;:40,&quot;sizes&quot;:[]},&quot;cards_columns&quot;:&quot;3&quot;,&quot;cards_columns_tablet&quot;:&quot;2&quot;,&quot;cards_columns_mobile&quot;:&quot;1&quot;,&quot;cards_row_gap_tablet&quot;:{&quot;unit&quot;:&quot;px&quot;,&quot;size&quot;:&quot;&quot;,&quot;sizes&quot;:[]},&quot;cards_row_gap_mobile&quot;:{&quot;unit&quot;:&quot;px&quot;,&quot;size&quot;:&quot;&quot;,&quot;sizes&quot;:[]}}\" data-widget_type=\"posts.cards\">\n\t\t\t\t<div class=\"elementor-widget-container\">\n\t\t\t\t\t\t\t<div class=\"elementor-posts-container elementor-posts elementor-posts--skin-cards elementor-grid\" role=\"list\">\n\t\t\t\t<article class=\"elementor-post elementor-grid-item post-905 post type-post status-publish format-standard has-post-thumbnail hentry category-actividades tag-8-semanas\" role=\"listitem\">\n\t\t\t<div class=\"elementor-post__card\">\n\t\t\t\t<a class=\"elementor-post__thumbnail__link\" href=\"https:\/\/mentedespierta.es\/en\/meditacion-mindfulness\/\" tabindex=\"-1\" ><div class=\"elementor-post__thumbnail\"><img decoding=\"async\" width=\"300\" height=\"200\" src=\"https:\/\/mentedespierta.es\/wp-content\/uploads\/2024\/09\/Meditacion-Mindfulness.jpg\" class=\"attachment-full size-full wp-image-911\" alt=\"\" \/><\/div><\/a>\n\t\t\t\t<div class=\"elementor-post__badge\">8 semanas<\/div>\n\t\t\t\t<div class=\"elementor-post__text\">\n\t\t\t\t<h3 class=\"elementor-post__title\">\n\t\t\t<a href=\"https:\/\/mentedespierta.es\/en\/meditacion-mindfulness\/\" >\n\t\t\t\tMeditaci\u00f3n Mindfulness\t\t\t<\/a>\n\t\t<\/h3>\n\t\t\t\t<div class=\"elementor-post__excerpt\">\n\t\t\t<p>Actividad Presencial<\/p>\n\t\t<\/div>\n\t\t\t\t\t<div class=\"elementor-post__read-more-wrapper\">\n\t\t\n\t\t<a class=\"elementor-post__read-more\" href=\"https:\/\/mentedespierta.es\/en\/meditacion-mindfulness\/\" aria-label=\"Read more about Meditaci\u00f3n Mindfulness\" tabindex=\"-1\" >\n\t\t\tLeer m\u00e1s \u00bb\t\t<\/a>\n\n\t\t\t\t\t<\/div>\n\t\t\t\t<\/div>\n\t\t\t\t\t<\/div>\n\t\t<\/article>\n\t\t\t\t<article class=\"elementor-post elementor-grid-item post-139 post type-post status-publish format-standard has-post-thumbnail hentry category-actividades tag-1-hora-semanal\" role=\"listitem\">\n\t\t\t<div class=\"elementor-post__card\">\n\t\t\t\t<a class=\"elementor-post__thumbnail__link\" href=\"https:\/\/mentedespierta.es\/en\/mindfulness-semanal\/\" tabindex=\"-1\" ><div class=\"elementor-post__thumbnail\"><img decoding=\"async\" width=\"2202\" height=\"2560\" src=\"https:\/\/mentedespierta.es\/wp-content\/uploads\/2024\/08\/jared-rice-NTyBbu66_SI-unsplash.jpg\" class=\"attachment-full size-full wp-image-140\" alt=\"\" srcset=\"https:\/\/mentedespierta.es\/wp-content\/uploads\/2024\/08\/jared-rice-NTyBbu66_SI-unsplash.jpg 2202w, https:\/\/mentedespierta.es\/wp-content\/uploads\/2024\/08\/jared-rice-NTyBbu66_SI-unsplash-258x300.jpg 258w, https:\/\/mentedespierta.es\/wp-content\/uploads\/2024\/08\/jared-rice-NTyBbu66_SI-unsplash-881x1024.jpg 881w, https:\/\/mentedespierta.es\/wp-content\/uploads\/2024\/08\/jared-rice-NTyBbu66_SI-unsplash-768x893.jpg 768w, https:\/\/mentedespierta.es\/wp-content\/uploads\/2024\/08\/jared-rice-NTyBbu66_SI-unsplash-1321x1536.jpg 1321w, https:\/\/mentedespierta.es\/wp-content\/uploads\/2024\/08\/jared-rice-NTyBbu66_SI-unsplash-1762x2048.jpg 1762w\" sizes=\"(max-width: 2202px) 100vw, 2202px\" \/><\/div><\/a>\n\t\t\t\t<div class=\"elementor-post__badge\">1 Hora Semanal<\/div>\n\t\t\t\t<div class=\"elementor-post__text\">\n\t\t\t\t<h3 class=\"elementor-post__title\">\n\t\t\t<a href=\"https:\/\/mentedespierta.es\/en\/mindfulness-semanal\/\" >\n\t\t\t\tMindfulness Semanal\t\t\t<\/a>\n\t\t<\/h3>\n\t\t\t\t<div class=\"elementor-post__excerpt\">\n\t\t\t<p><b>Actividad Presencial<\/b><\/p>\n\t\t<\/div>\n\t\t\t\t\t<div class=\"elementor-post__read-more-wrapper\">\n\t\t\n\t\t<a class=\"elementor-post__read-more\" href=\"https:\/\/mentedespierta.es\/en\/mindfulness-semanal\/\" aria-label=\"Read more about Mindfulness Semanal\" tabindex=\"-1\" >\n\t\t\tLeer m\u00e1s \u00bb\t\t<\/a>\n\n\t\t\t\t\t<\/div>\n\t\t\t\t<\/div>\n\t\t\t\t\t<\/div>\n\t\t<\/article>\n\t\t\t\t<article class=\"elementor-post elementor-grid-item post-130 post type-post status-publish format-standard has-post-thumbnail hentry category-actividades tag-1-hora-y-cuarto-a-la-semana\" role=\"listitem\">\n\t\t\t<div class=\"elementor-post__card\">\n\t\t\t\t<a class=\"elementor-post__thumbnail__link\" href=\"https:\/\/mentedespierta.es\/en\/espacio-meditacion\/\" tabindex=\"-1\" ><div class=\"elementor-post__thumbnail\"><img loading=\"lazy\" decoding=\"async\" width=\"2560\" height=\"1707\" src=\"https:\/\/mentedespierta.es\/wp-content\/uploads\/2024\/08\/katerina-may-6CLBoiWuzSU-unsplash-scaled.jpg\" class=\"attachment-full size-full wp-image-125\" alt=\"\" srcset=\"https:\/\/mentedespierta.es\/wp-content\/uploads\/2024\/08\/katerina-may-6CLBoiWuzSU-unsplash-scaled.jpg 2560w, https:\/\/mentedespierta.es\/wp-content\/uploads\/2024\/08\/katerina-may-6CLBoiWuzSU-unsplash-300x200.jpg 300w, https:\/\/mentedespierta.es\/wp-content\/uploads\/2024\/08\/katerina-may-6CLBoiWuzSU-unsplash-1024x683.jpg 1024w, https:\/\/mentedespierta.es\/wp-content\/uploads\/2024\/08\/katerina-may-6CLBoiWuzSU-unsplash-768x512.jpg 768w, https:\/\/mentedespierta.es\/wp-content\/uploads\/2024\/08\/katerina-may-6CLBoiWuzSU-unsplash-1536x1024.jpg 1536w, https:\/\/mentedespierta.es\/wp-content\/uploads\/2024\/08\/katerina-may-6CLBoiWuzSU-unsplash-2048x1365.jpg 2048w\" sizes=\"(max-width: 2560px) 100vw, 2560px\" \/><\/div><\/a>\n\t\t\t\t<div class=\"elementor-post__badge\">1 hora y cuarto a la semana<\/div>\n\t\t\t\t<div class=\"elementor-post__text\">\n\t\t\t\t<h3 class=\"elementor-post__title\">\n\t\t\t<a href=\"https:\/\/mentedespierta.es\/en\/espacio-meditacion\/\" >\n\t\t\t\tEspacio de Meditaci\u00f3n\t\t\t<\/a>\n\t\t<\/h3>\n\t\t\t\t<div class=\"elementor-post__excerpt\">\n\t\t\t<p><b>Actividad Presencial<\/b><\/p>\n\t\t<\/div>\n\t\t\t\t\t<div class=\"elementor-post__read-more-wrapper\">\n\t\t\n\t\t<a class=\"elementor-post__read-more\" href=\"https:\/\/mentedespierta.es\/en\/espacio-meditacion\/\" aria-label=\"Read more about Espacio de Meditaci\u00f3n\" tabindex=\"-1\" >\n\t\t\tLeer m\u00e1s \u00bb\t\t<\/a>\n\n\t\t\t\t\t<\/div>\n\t\t\t\t<\/div>\n\t\t\t\t\t<\/div>\n\t\t<\/article>\n\t\t\t\t<article class=\"elementor-post elementor-grid-item post-124 post type-post status-publish format-standard has-post-thumbnail hentry category-actividades tag-1-hora-y-media-semanal tag-6-semanas\" role=\"listitem\">\n\t\t\t<div class=\"elementor-post__card\">\n\t\t\t\t<a class=\"elementor-post__thumbnail__link\" href=\"https:\/\/mentedespierta.es\/en\/curso-de-mindfulness-de-reduccion-de-estres-y-ansiedad\/\" tabindex=\"-1\" ><div class=\"elementor-post__thumbnail\"><img loading=\"lazy\" decoding=\"async\" width=\"1380\" height=\"920\" src=\"https:\/\/mentedespierta.es\/wp-content\/uploads\/2024\/08\/fondo-arena-piedras-marmol-zen-apiladas-concepto-atencion-plena_53876-124297.jpg\" class=\"attachment-full size-full wp-image-131\" alt=\"\" srcset=\"https:\/\/mentedespierta.es\/wp-content\/uploads\/2024\/08\/fondo-arena-piedras-marmol-zen-apiladas-concepto-atencion-plena_53876-124297.jpg 1380w, https:\/\/mentedespierta.es\/wp-content\/uploads\/2024\/08\/fondo-arena-piedras-marmol-zen-apiladas-concepto-atencion-plena_53876-124297-300x200.jpg 300w, https:\/\/mentedespierta.es\/wp-content\/uploads\/2024\/08\/fondo-arena-piedras-marmol-zen-apiladas-concepto-atencion-plena_53876-124297-1024x683.jpg 1024w, https:\/\/mentedespierta.es\/wp-content\/uploads\/2024\/08\/fondo-arena-piedras-marmol-zen-apiladas-concepto-atencion-plena_53876-124297-768x512.jpg 768w\" sizes=\"(max-width: 1380px) 100vw, 1380px\" \/><\/div><\/a>\n\t\t\t\t<div class=\"elementor-post__badge\">1 hora y media semanal<\/div>\n\t\t\t\t<div class=\"elementor-post__text\">\n\t\t\t\t<h3 class=\"elementor-post__title\">\n\t\t\t<a href=\"https:\/\/mentedespierta.es\/en\/curso-de-mindfulness-de-reduccion-de-estres-y-ansiedad\/\" >\n\t\t\t\tCurso de Mindfulness de Reducci\u00f3n de Estr\u00e9s y Ansiedad\t\t\t<\/a>\n\t\t<\/h3>\n\t\t\t\t<div class=\"elementor-post__excerpt\">\n\t\t\t<p><b>Actividad Presencial<\/b><br \/>\nCurso de 6 semanas de duraci\u00f3n<\/p>\n\t\t<\/div>\n\t\t\t\t\t<div class=\"elementor-post__read-more-wrapper\">\n\t\t\n\t\t<a class=\"elementor-post__read-more\" href=\"https:\/\/mentedespierta.es\/en\/curso-de-mindfulness-de-reduccion-de-estres-y-ansiedad\/\" aria-label=\"Read more about Curso de Mindfulness de Reducci\u00f3n de Estr\u00e9s y Ansiedad\" tabindex=\"-1\" >\n\t\t\tLeer m\u00e1s \u00bb\t\t<\/a>\n\n\t\t\t\t\t<\/div>\n\t\t\t\t<\/div>\n\t\t\t\t\t<\/div>\n\t\t<\/article>\n\t\t\t\t<\/div>\n\t\t\n\t\t\t\t\t\t<\/div>\n\t\t\t\t<\/div>\n\t\t\t\t\t<\/div>\n\t\t\t\t<\/div>\n\t\t\t\t<\/div>","protected":false},"excerpt":{"rendered":"<p>\u00a1Contacta conmigo hoy mismo! Descubre el Poder del Mindfulness para Transformar tu Vida Bienvenido a nuestro espacio de bienestar, donde te ofrecemos una variedad de actividades dise\u00f1adas para ayudarte a reducir el estr\u00e9s, la ansiedad y encontrar un equilibrio interior. Ya sea a trav\u00e9s de nuestras meditaciones guiadas, sesiones de mindfulness o cursos especializados en [&hellip;]<\/p>\n","protected":false},"author":1,"featured_media":0,"parent":0,"menu_order":0,"comment_status":"closed","ping_status":"closed","template":"","meta":{"h5ap_radio_sources":[],"_joinchat":[],"footnotes":""},"class_list":["post-635","page","type-page","status-publish","hentry"],"yoast_head":"<!-- This site is optimized with the Yoast SEO plugin v28.3 - https:\/\/yoast.com\/product\/yoast-seo-wordpress\/ -->\n<title>Actividades Presenciales de bienestar en Palencia - Mente Despierta<\/title>\n<meta name=\"description\" content=\"Talleres de crecimiento personal y mindfulness en Palencia. Mejora tu bienestar de manera pr\u00e1ctica y cercana.\" \/>\n<meta name=\"robots\" content=\"index, follow, max-snippet:-1, max-image-preview:large, max-video-preview:-1\" \/>\n<link rel=\"canonical\" href=\"https:\/\/mentedespierta.es\/en\/actividades-y-talleres-presenciales\/\" \/>\n<meta property=\"og:locale\" content=\"en_GB\" \/>\n<meta property=\"og:type\" content=\"article\" \/>\n<meta property=\"og:title\" content=\"Actividades Presenciales de bienestar en Palencia - Mente Despierta\" \/>\n<meta property=\"og:description\" content=\"Talleres de crecimiento personal y mindfulness en Palencia. Mejora tu bienestar de manera pr\u00e1ctica y cercana.\" \/>\n<meta property=\"og:url\" content=\"https:\/\/mentedespierta.es\/en\/actividades-y-talleres-presenciales\/\" \/>\n<meta property=\"og:site_name\" content=\"Mente Despierta\" \/>\n<meta property=\"article:modified_time\" content=\"2024-10-22T10:46:53+00:00\" \/>\n<meta property=\"og:image\" content=\"https:\/\/mentedespierta.es\/wp-content\/uploads\/2024\/09\/Actividades-y-TAlleres-Presenciales2.jpg\" \/>\n<meta name=\"twitter:card\" content=\"summary_large_image\" \/>\n<meta name=\"twitter:label1\" content=\"Estimated reading time\" \/>\n\t<meta name=\"twitter:data1\" content=\"1 minute\" \/>\n<script type=\"application\/ld+json\" class=\"yoast-schema-graph\">{\"@context\":\"https:\\\/\\\/schema.org\",\"@graph\":[{\"@type\":\"WebPage\",\"@id\":\"https:\\\/\\\/mentedespierta.es\\\/actividades-y-talleres-presenciales\\\/\",\"url\":\"https:\\\/\\\/mentedespierta.es\\\/actividades-y-talleres-presenciales\\\/\",\"name\":\"Actividades Presenciales de bienestar en Palencia - Mente Despierta\",\"isPartOf\":{\"@id\":\"https:\\\/\\\/mentedespierta.es\\\/#website\"},\"primaryImageOfPage\":{\"@id\":\"https:\\\/\\\/mentedespierta.es\\\/actividades-y-talleres-presenciales\\\/#primaryimage\"},\"image\":{\"@id\":\"https:\\\/\\\/mentedespierta.es\\\/actividades-y-talleres-presenciales\\\/#primaryimage\"},\"thumbnailUrl\":\"https:\\\/\\\/mentedespierta.es\\\/wp-content\\\/uploads\\\/2024\\\/09\\\/Actividades-y-TAlleres-Presenciales2.jpg\",\"datePublished\":\"2024-08-30T08:00:55+00:00\",\"dateModified\":\"2024-10-22T10:46:53+00:00\",\"description\":\"Talleres de crecimiento personal y mindfulness en Palencia. Mejora tu bienestar de manera pr\u00e1ctica y cercana.\",\"breadcrumb\":{\"@id\":\"https:\\\/\\\/mentedespierta.es\\\/actividades-y-talleres-presenciales\\\/#breadcrumb\"},\"inLanguage\":\"en-GB\",\"potentialAction\":[{\"@type\":\"ReadAction\",\"target\":[\"https:\\\/\\\/mentedespierta.es\\\/actividades-y-talleres-presenciales\\\/\"]}]},{\"@type\":\"ImageObject\",\"inLanguage\":\"en-GB\",\"@id\":\"https:\\\/\\\/mentedespierta.es\\\/actividades-y-talleres-presenciales\\\/#primaryimage\",\"url\":\"https:\\\/\\\/mentedespierta.es\\\/wp-content\\\/uploads\\\/2024\\\/09\\\/Actividades-y-TAlleres-Presenciales2.jpg\",\"contentUrl\":\"https:\\\/\\\/mentedespierta.es\\\/wp-content\\\/uploads\\\/2024\\\/09\\\/Actividades-y-TAlleres-Presenciales2.jpg\"},{\"@type\":\"BreadcrumbList\",\"@id\":\"https:\\\/\\\/mentedespierta.es\\\/actividades-y-talleres-presenciales\\\/#breadcrumb\",\"itemListElement\":[{\"@type\":\"ListItem\",\"position\":1,\"name\":\"Portada\",\"item\":\"https:\\\/\\\/mentedespierta.es\\\/\"},{\"@type\":\"ListItem\",\"position\":2,\"name\":\"Actividades Presenciales\"}]},{\"@type\":\"WebSite\",\"@id\":\"https:\\\/\\\/mentedespierta.es\\\/#website\",\"url\":\"https:\\\/\\\/mentedespierta.es\\\/\",\"name\":\"Mente Despierta\",\"description\":\"Gabinete Psicopedag\u00f3gico y Terapias Alternativas en Palencia\",\"publisher\":{\"@id\":\"https:\\\/\\\/mentedespierta.es\\\/#organization\"},\"potentialAction\":[{\"@type\":\"SearchAction\",\"target\":{\"@type\":\"EntryPoint\",\"urlTemplate\":\"https:\\\/\\\/mentedespierta.es\\\/?s={search_term_string}\"},\"query-input\":{\"@type\":\"PropertyValueSpecification\",\"valueRequired\":true,\"valueName\":\"search_term_string\"}}],\"inLanguage\":\"en-GB\"},{\"@type\":\"Organization\",\"@id\":\"https:\\\/\\\/mentedespierta.es\\\/#organization\",\"name\":\"Mente Despierta\",\"url\":\"https:\\\/\\\/mentedespierta.es\\\/\",\"logo\":{\"@type\":\"ImageObject\",\"inLanguage\":\"en-GB\",\"@id\":\"https:\\\/\\\/mentedespierta.es\\\/#\\\/schema\\\/logo\\\/image\\\/\",\"url\":\"https:\\\/\\\/mentedespierta.es\\\/wp-content\\\/uploads\\\/2024\\\/08\\\/logo-final-1.png\",\"contentUrl\":\"https:\\\/\\\/mentedespierta.es\\\/wp-content\\\/uploads\\\/2024\\\/08\\\/logo-final-1.png\",\"width\":1000,\"height\":1590,\"caption\":\"Mente Despierta\"},\"image\":{\"@id\":\"https:\\\/\\\/mentedespierta.es\\\/#\\\/schema\\\/logo\\\/image\\\/\"}}]}<\/script>\n<!-- \/ Yoast SEO plugin. -->","yoast_head_json":{"title":"Actividades Presenciales de bienestar en Palencia - Mente Despierta","description":"Talleres de crecimiento personal y mindfulness en Palencia. Mejora tu bienestar de manera pr\u00e1ctica y cercana.","robots":{"index":"index","follow":"follow","max-snippet":"max-snippet:-1","max-image-preview":"max-image-preview:large","max-video-preview":"max-video-preview:-1"},"canonical":"https:\/\/mentedespierta.es\/en\/actividades-y-talleres-presenciales\/","og_locale":"en_GB","og_type":"article","og_title":"Actividades Presenciales de bienestar en Palencia - Mente Despierta","og_description":"Talleres de crecimiento personal y mindfulness en Palencia. Mejora tu bienestar de manera pr\u00e1ctica y cercana.","og_url":"https:\/\/mentedespierta.es\/en\/actividades-y-talleres-presenciales\/","og_site_name":"Mente Despierta","article_modified_time":"2024-10-22T10:46:53+00:00","og_image":[{"url":"https:\/\/mentedespierta.es\/wp-content\/uploads\/2024\/09\/Actividades-y-TAlleres-Presenciales2.jpg","type":"","width":"","height":""}],"twitter_card":"summary_large_image","twitter_misc":{"Estimated reading time":"1 minute"},"schema":{"@context":"https:\/\/schema.org","@graph":[{"@type":"WebPage","@id":"https:\/\/mentedespierta.es\/actividades-y-talleres-presenciales\/","url":"https:\/\/mentedespierta.es\/actividades-y-talleres-presenciales\/","name":"Actividades Presenciales de bienestar en Palencia - Mente Despierta","isPartOf":{"@id":"https:\/\/mentedespierta.es\/#website"},"primaryImageOfPage":{"@id":"https:\/\/mentedespierta.es\/actividades-y-talleres-presenciales\/#primaryimage"},"image":{"@id":"https:\/\/mentedespierta.es\/actividades-y-talleres-presenciales\/#primaryimage"},"thumbnailUrl":"https:\/\/mentedespierta.es\/wp-content\/uploads\/2024\/09\/Actividades-y-TAlleres-Presenciales2.jpg","datePublished":"2024-08-30T08:00:55+00:00","dateModified":"2024-10-22T10:46:53+00:00","description":"Talleres de crecimiento personal y mindfulness en Palencia. Mejora tu bienestar de manera pr\u00e1ctica y cercana.","breadcrumb":{"@id":"https:\/\/mentedespierta.es\/actividades-y-talleres-presenciales\/#breadcrumb"},"inLanguage":"en-GB","potentialAction":[{"@type":"ReadAction","target":["https:\/\/mentedespierta.es\/actividades-y-talleres-presenciales\/"]}]},{"@type":"ImageObject","inLanguage":"en-GB","@id":"https:\/\/mentedespierta.es\/actividades-y-talleres-presenciales\/#primaryimage","url":"https:\/\/mentedespierta.es\/wp-content\/uploads\/2024\/09\/Actividades-y-TAlleres-Presenciales2.jpg","contentUrl":"https:\/\/mentedespierta.es\/wp-content\/uploads\/2024\/09\/Actividades-y-TAlleres-Presenciales2.jpg"},{"@type":"BreadcrumbList","@id":"https:\/\/mentedespierta.es\/actividades-y-talleres-presenciales\/#breadcrumb","itemListElement":[{"@type":"ListItem","position":1,"name":"Portada","item":"https:\/\/mentedespierta.es\/"},{"@type":"ListItem","position":2,"name":"Actividades Presenciales"}]},{"@type":"WebSite","@id":"https:\/\/mentedespierta.es\/#website","url":"https:\/\/mentedespierta.es\/","name":"Mente Despierta","description":"Gabinete Psicopedag\u00f3gico y Terapias Alternativas en Palencia","publisher":{"@id":"https:\/\/mentedespierta.es\/#organization"},"potentialAction":[{"@type":"SearchAction","target":{"@type":"EntryPoint","urlTemplate":"https:\/\/mentedespierta.es\/?s={search_term_string}"},"query-input":{"@type":"PropertyValueSpecification","valueRequired":true,"valueName":"search_term_string"}}],"inLanguage":"en-GB"},{"@type":"Organization","@id":"https:\/\/mentedespierta.es\/#organization","name":"Mente Despierta","url":"https:\/\/mentedespierta.es\/","logo":{"@type":"ImageObject","inLanguage":"en-GB","@id":"https:\/\/mentedespierta.es\/#\/schema\/logo\/image\/","url":"https:\/\/mentedespierta.es\/wp-content\/uploads\/2024\/08\/logo-final-1.png","contentUrl":"https:\/\/mentedespierta.es\/wp-content\/uploads\/2024\/08\/logo-final-1.png","width":1000,"height":1590,"caption":"Mente Despierta"},"image":{"@id":"https:\/\/mentedespierta.es\/#\/schema\/logo\/image\/"}}]}},"_links":{"self":[{"href":"https:\/\/mentedespierta.es\/en\/wp-json\/wp\/v2\/pages\/635","targetHints":{"allow":["GET"]}}],"collection":[{"href":"https:\/\/mentedespierta.es\/en\/wp-json\/wp\/v2\/pages"}],"about":[{"href":"https:\/\/mentedespierta.es\/en\/wp-json\/wp\/v2\/types\/page"}],"author":[{"embeddable":true,"href":"https:\/\/mentedespierta.es\/en\/wp-json\/wp\/v2\/users\/1"}],"replies":[{"embeddable":true,"href":"https:\/\/mentedespierta.es\/en\/wp-json\/wp\/v2\/comments?post=635"}],"version-history":[{"count":10,"href":"https:\/\/mentedespierta.es\/en\/wp-json\/wp\/v2\/pages\/635\/revisions"}],"predecessor-version":[{"id":1093,"href":"https:\/\/mentedespierta.es\/en\/wp-json\/wp\/v2\/pages\/635\/revisions\/1093"}],"wp:attachment":[{"href":"https:\/\/mentedespierta.es\/en\/wp-json\/wp\/v2\/media?parent=635"}],"curies":[{"name":"wp","href":"https:\/\/api.w.org\/{rel}","templated":true}]}}